{"id":35,"date":"2018-08-05T19:20:57","date_gmt":"2018-08-05T17:20:57","guid":{"rendered":"https:\/\/www.plattsalat.de\/bioladen-west\/?page_id=35"},"modified":"2026-04-14T15:47:38","modified_gmt":"2026-04-14T13:47:38","slug":"biosiegel","status":"publish","type":"page","link":"https:\/\/www.plattsalat.de\/bioladen-west\/anders-einkaufen\/biosiegel\/","title":{"rendered":"Biosiegel"},"content":{"rendered":"\n<style type=\"text\/css\" data-created_by=\"avia_inline_auto\" id=\"style-css-av-jrizm76w-27b4b70e0c3da11cfd81ed8ec1541671\">\n.avia-image-container.av-jrizm76w-27b4b70e0c3da11cfd81ed8ec1541671 img.avia_image{\nbox-shadow:none;\n}\n.avia-image-container.av-jrizm76w-27b4b70e0c3da11cfd81ed8ec1541671 .av-image-caption-overlay-center{\ncolor:#ffffff;\n}\n<\/style>\n<div  class='avia-image-container av-jrizm76w-27b4b70e0c3da11cfd81ed8ec1541671 av-styling- avia-align-center  avia-builder-el-0  el_before_av_heading  avia-builder-el-first '   itemprop=\"image\" itemscope=\"itemscope\" itemtype=\"https:\/\/schema.org\/ImageObject\" ><div class=\"avia-image-container-inner\"><div class=\"avia-image-overlay-wrap\"><img decoding=\"async\" fetchpriority=\"high\" class='wp-image-247 avia-img-lazy-loading-not-247 avia_image ' src=\"https:\/\/www.plattsalat.de\/bioladen-west\/wp-content\/uploads\/sites\/3\/2018\/09\/serveimage.png\" alt='' title='serveimage'  height=\"159\" width=\"318\"  itemprop=\"thumbnailUrl\" srcset=\"https:\/\/www.plattsalat.de\/bioladen-west\/wp-content\/uploads\/sites\/3\/2018\/09\/serveimage.png 318w, https:\/\/www.plattsalat.de\/bioladen-west\/wp-content\/uploads\/sites\/3\/2018\/09\/serveimage-300x150.png 300w\" sizes=\"(max-width: 318px) 100vw, 318px\" \/><\/div><\/div><\/div>\n\n<style type=\"text\/css\" data-created_by=\"avia_inline_auto\" id=\"style-css-av-r0hb-60a67d31aa48e9a9be274deb60651c05\">\n#top .av-special-heading.av-r0hb-60a67d31aa48e9a9be274deb60651c05{\npadding-bottom:10px;\n}\nbody .av-special-heading.av-r0hb-60a67d31aa48e9a9be274deb60651c05 .av-special-heading-tag .heading-char{\nfont-size:25px;\n}\n.av-special-heading.av-r0hb-60a67d31aa48e9a9be274deb60651c05 .av-subheading{\nfont-size:15px;\n}\n<\/style>\n<div  class='av-special-heading av-r0hb-60a67d31aa48e9a9be274deb60651c05 av-special-heading-h2  avia-builder-el-1  el_after_av_image  el_before_av_four_fifth '><h2 class='av-special-heading-tag '  itemprop=\"headline\"  >Biosiegel im \u00dcberblick<\/h2><div class=\"special-heading-border\"><div class=\"special-heading-inner-border\"><\/div><\/div><\/div>\n\n<style type=\"text\/css\" data-created_by=\"avia_inline_auto\" id=\"style-css-av-2cut7-a7182ea05c3f6166043cafcf005b5cef\">\n.flex_column.av-2cut7-a7182ea05c3f6166043cafcf005b5cef{\nborder-radius:0px 0px 0px 0px;\npadding:0px 0px 0px 0px;\n}\n<\/style>\n<div  class='flex_column av-2cut7-a7182ea05c3f6166043cafcf005b5cef av_four_fifth  avia-builder-el-2  el_after_av_heading  el_before_av_four_fifth  first flex_column_div av-zero-column-padding  '     ><section  class='av_textblock_section av-jm0vvhb9-5f4654c62effdaa76c5649266504d677 '   itemscope=\"itemscope\" itemtype=\"https:\/\/schema.org\/CreativeWork\" ><div class='avia_textblock'  itemprop=\"text\" ><p>Hier stellen wir Euch die wichtigsten Biosiegel vor, die Euch \u00f6fters unterkommen.<\/p>\n<p>Hinter allen Biosiegeln steht die EU Bio-Verordnung. F\u00fcr sie gibt es ein eigenes Siegel, das auf allen Bioprodukten drauf sein muss.<\/p>\n<p>Das deutsche Siegel steht f\u00fcr die gleiche Zertifizierungsqualit\u00e4t wie das EU-Siegel. Die Siegel der drei gr\u00f6\u00dften Anbauverb\u00e4nde Bioland, Naturland und demeter stehen aber f\u00fcr strengere Kriterien:<\/p>\n<p>Diese drei Anbauverb\u00e4nde (und andere auch) haben alle strengere Zertifizierungskriterien als die EU-Verordnung vorschreibt. Es kann aber keine Biozertifizierungen geben, die weniger streng sind als die EU-Bioverordnung. Man kann also auf jeden Fall sicher sein, dass alle Bio gelabelten Produkte mindestens die Standards der EU-Bioverordnung einhalten &#8211; alles andere ist dann schlichtweg Betrug, den es nat\u00fcrlich leider auch gibt.<\/p>\n<\/div><\/section><\/div>\n\n<style type=\"text\/css\" data-created_by=\"avia_inline_auto\" id=\"style-css-av-2lo8z-00179ff1a23e0e9a6d108857098be709\">\n.flex_column.av-2lo8z-00179ff1a23e0e9a6d108857098be709{\nborder-radius:0px 0px 0px 0px;\npadding:0px 0px 0px 0px;\n}\n<\/style>\n<div  class='flex_column av-2lo8z-00179ff1a23e0e9a6d108857098be709 av_four_fifth  avia-builder-el-4  el_after_av_four_fifth  el_before_av_one_fifth  first flex_column_div av-zero-column-padding  '     ><section  class='av_textblock_section av-2by8z-99d6e223b41d18bbd99155478afaa685 '   itemscope=\"itemscope\" itemtype=\"https:\/\/schema.org\/CreativeWork\" ><div class='avia_textblock'  itemprop=\"text\" ><h3><strong>EU-Biosiegel<\/strong><\/h3>\n<p>Seit dem 1. Juli 2010 m\u00fcssen alle verpackten \u00d6ko-Lebensmittel, die in der EU produziert wurden, dieses Bio-Siegel tragen. Die Lebensmittel erf\u00fcllen den EU-Mindeststandard, zum Beispiel dass 95 Prozent der landwirtschaftlich produzierten Zutaten aus \u00d6koanbau stammen. Die Hersteller, deren Produkte dieses Bio-Siegel tragen d\u00fcrfen, werden mindestens einmal im Jahr von einer Kontrollstelle \u00fcberpr\u00fcft. \u00dcber einen Code auf der Verpackung l\u00e4sst sich die Kontrolle zur\u00fcckverfolgen.<\/p>\n<p>Seit 2018 gilt die \u00fcberarbeitete Fassung der EU Bioverordnung.<\/p>\n<p>Die Hauptinhalte der Zertifizierung sind:<\/p>\n<ul>\n<li>Produzenten d\u00fcrfen keine synthetischen Pestizide und keine synthetischen D\u00fcnger verwenden<\/li>\n<li>Tiere d\u00fcrfen nur mit \u00f6kologischem Futter gef\u00fcttert werden<\/li>\n<li>der Einsatz von Antibiotika ist streng geregelt<\/li>\n<li>die Anbieter m\u00fcssen bei ihren Lebensmitteln auf viele Zusatzstoffe verzichten, zum Beispiel auf k\u00fcnstliche Geschmacksverst\u00e4rker, k\u00fcnstliche Aromen und Farbstoffe<\/li>\n<li>die Waren d\u00fcrfen nicht mehr als f\u00fcnf Prozent konventionell angebaute Bestandteile enthalten<\/li>\n<\/ul>\n<p>Nat\u00fcrlich regelt die EU-Verordnung noch sehr viel mehr und auch sehr viel genauer, sie ist 39 Seiten stark und wer reinschauen will, kann sie hier auf den Seiten des BMEL finden: <a href=\"https:\/\/www.bmleh.de\/SharedDocs\/Downloads\/DE\/_Landwirtschaft\/Biologischer-Landbau\/889-2008-eg-durchfuehrungsbestimmungen.html\">EU \u00d6koverordnung<\/a>.<\/p>\n<p>Das bedeutet, dass kein Lebensmittel innerhalb der EU als &#8222;bio&#8220; bezeichnet werden darf, wenn die Rohstoffe und der Weiterverarbeiter nicht nach der EU-Verordnung zertifiziert worden ist.<\/p>\n<p>Leider ist der &#8222;bio&#8220;-Begriff nur f\u00fcr Lebensmittel auf diese Weise gesch\u00fctzt, in anderen Feldern bedeutet Bio leider oft genau das Gegenteil davon, was sich ein normaler Mensch unter Bio vorstellt, z.B. Biosprit oder Bio\u00f6konomie.<\/p>\n<\/div><\/section><\/div>\n<style type=\"text\/css\" data-created_by=\"avia_inline_auto\" id=\"style-css-av-19w3z-317da57e1c4304ac724d862d260a850d\">\n.flex_column.av-19w3z-317da57e1c4304ac724d862d260a850d{\nborder-radius:0px 0px 0px 0px;\npadding:0px 0px 0px 0px;\n}\n<\/style>\n<div  class='flex_column av-19w3z-317da57e1c4304ac724d862d260a850d av_one_fifth  avia-builder-el-6  el_after_av_four_fifth  el_before_av_four_fifth  flex_column_div av-zero-column-padding  '     ><style type=\"text\/css\" data-created_by=\"avia_inline_auto\" id=\"style-css-av-15lhb-dcb0823a8dccb9e48776255b3b2e38ea\">\n.avia-image-container.av-15lhb-dcb0823a8dccb9e48776255b3b2e38ea img.avia_image{\nbox-shadow:none;\n}\n.avia-image-container.av-15lhb-dcb0823a8dccb9e48776255b3b2e38ea .av-image-caption-overlay-center{\ncolor:#ffffff;\n}\n<\/style>\n<div  class='avia-image-container av-15lhb-dcb0823a8dccb9e48776255b3b2e38ea av-styling- avia-align-center  avia-builder-el-7  avia-builder-el-no-sibling '   itemprop=\"image\" itemscope=\"itemscope\" itemtype=\"https:\/\/schema.org\/ImageObject\" ><div class=\"avia-image-container-inner\"><div class=\"avia-image-overlay-wrap\"><img decoding=\"async\" fetchpriority=\"high\" class='wp-image-318 avia-img-lazy-loading-not-318 avia_image ' src=\"https:\/\/www.plattsalat.de\/bioladen-west\/wp-content\/uploads\/sites\/3\/2019\/01\/iu-300x201.jpeg\" alt='' title='iu'  height=\"201\" width=\"300\"  itemprop=\"thumbnailUrl\" srcset=\"https:\/\/www.plattsalat.de\/bioladen-west\/wp-content\/uploads\/sites\/3\/2019\/01\/iu-300x201.jpeg 300w, https:\/\/www.plattsalat.de\/bioladen-west\/wp-content\/uploads\/sites\/3\/2019\/01\/iu.jpeg 400w\" sizes=\"(max-width: 300px) 100vw, 300px\" \/><\/div><\/div><\/div><\/div><\/p>\n\n<style type=\"text\/css\" data-created_by=\"avia_inline_auto\" id=\"style-css-av-jqnygsx0-bb03a860d0421a4e05fe5e965082cb77\">\n.flex_column.av-jqnygsx0-bb03a860d0421a4e05fe5e965082cb77{\nborder-radius:0px 0px 0px 0px;\npadding:0px 0px 0px 0px;\n}\n<\/style>\n<div  class='flex_column av-jqnygsx0-bb03a860d0421a4e05fe5e965082cb77 av_four_fifth  avia-builder-el-8  el_after_av_one_fifth  el_before_av_one_fifth  first flex_column_div av-zero-column-padding  column-top-margin'     ><section  class='av_textblock_section av-2by8z-6-bcfb852f602a4f4cb25c5b254e24f7da '   itemscope=\"itemscope\" itemtype=\"https:\/\/schema.org\/CreativeWork\" ><div class='avia_textblock'  itemprop=\"text\" ><h3>Deutsches Bio-Siegel<\/h3>\n<p>Neben dem EU-Siegel steht auf vielen Produkten nach wie vor noch das sechseckige Deutsche Bio-Siegel. Dieses Bio-Siegel gibt es seit 2001.<\/p>\n<p>In der Sache ist dieses Siegel komplett \u00fcberfl\u00fcssig, weil es nur das deutsche Siegel f\u00fcr genau die EU-Regeln ist, also genau das gleiche aussagt wie das EU-Siegel. Es wurde damals von Frau K\u00fcnast eingef\u00fchrt, weil das damals verwendete EU-Siegel nicht nur unbekannt, sondern auch h\u00e4sslich und in seiner Aussage schwer zu deuten war.<\/p>\n<\/div><\/section><\/div>\n\n<style type=\"text\/css\" data-created_by=\"avia_inline_auto\" id=\"style-css-av-111o3-e072511a4fa2427d6e7bfe6122b1b1fe\">\n.flex_column.av-111o3-e072511a4fa2427d6e7bfe6122b1b1fe{\nborder-radius:0px 0px 0px 0px;\npadding:0px 0px 0px 0px;\n}\n<\/style>\n<div  class='flex_column av-111o3-e072511a4fa2427d6e7bfe6122b1b1fe av_one_fifth  avia-builder-el-10  el_after_av_four_fifth  el_before_av_four_fifth  flex_column_div av-zero-column-padding  column-top-margin'     ><style type=\"text\/css\" data-created_by=\"avia_inline_auto\" id=\"style-css-av-15lhb-5-33ad93c01820df41e3c9ad17774123cd\">\n.avia-image-container.av-15lhb-5-33ad93c01820df41e3c9ad17774123cd img.avia_image{\nbox-shadow:none;\n}\n.avia-image-container.av-15lhb-5-33ad93c01820df41e3c9ad17774123cd .av-image-caption-overlay-center{\ncolor:#ffffff;\n}\n<\/style>\n<div  class='avia-image-container av-15lhb-5-33ad93c01820df41e3c9ad17774123cd av-styling- avia-align-center  avia-builder-el-11  avia-builder-el-no-sibling '   itemprop=\"image\" itemscope=\"itemscope\" itemtype=\"https:\/\/schema.org\/ImageObject\" ><div class=\"avia-image-container-inner\"><div class=\"avia-image-overlay-wrap\"><img decoding=\"async\" fetchpriority=\"high\" class='wp-image-337 avia-img-lazy-loading-not-337 avia_image ' src=\"https:\/\/www.plattsalat.de\/bioladen-west\/wp-content\/uploads\/sites\/3\/2019\/01\/Bio-Siegel-EG-\u00d6ko-VO-Deutschland.svg\" alt='' title='Bio-Siegel-EG-\u00d6ko-VO-Deutschland'  height=\"623\" width=\"744\"  itemprop=\"thumbnailUrl\"  \/><\/div><\/div><\/div><\/div>\n\n<style type=\"text\/css\" data-created_by=\"avia_inline_auto\" id=\"style-css-av-3ow7j-6bbd8e7a270d3c87c10d0dc2ddc705e8\">\n.flex_column.av-3ow7j-6bbd8e7a270d3c87c10d0dc2ddc705e8{\nborder-radius:0px 0px 0px 0px;\npadding:0px 0px 0px 0px;\n}\n<\/style>\n<div  class='flex_column av-3ow7j-6bbd8e7a270d3c87c10d0dc2ddc705e8 av_four_fifth  avia-builder-el-12  el_after_av_one_fifth  el_before_av_one_fifth  first flex_column_div av-zero-column-padding  column-top-margin'     ><section  class='av_textblock_section av-jm0wk8z3-54c9748436f162dbc702eeaeac1770bb '   itemscope=\"itemscope\" itemtype=\"https:\/\/schema.org\/CreativeWork\" ><div class='avia_textblock'  itemprop=\"text\" ><h3>Bioland<\/h3>\n<p>Bioland ist der gr\u00f6\u00dfte \u00f6kologische Anbauverband in Deutschland. Wie bei allen gro\u00dfen Bioanbauverb\u00e4nden, gehen auch die Bio-Kriterien von Bioland die EU-\u00d6ko-Verordnung hinaus. Das System des Anbauverbandes (seit 1976) basiert auf einem geschlossenen Betriebskreislauf, mit dem unter anderem auf die langfristige Erhaltung der Bodenfruchtbarkeit geachtet wird. Produktions- und Futtermittel stammen weitgehend aus dem eigenen Betrieb, erkrankte Tiere werden naturheilkundlich behandelt.<\/p>\n<\/div><\/section><\/div>\n\n<style type=\"text\/css\" data-created_by=\"avia_inline_auto\" id=\"style-css-av-gie7-4f7b652b605b51e3be9e8be0efeeb5d7\">\n.flex_column.av-gie7-4f7b652b605b51e3be9e8be0efeeb5d7{\nborder-radius:0px 0px 0px 0px;\npadding:0px 0px 0px 0px;\n}\n<\/style>\n<div  class='flex_column av-gie7-4f7b652b605b51e3be9e8be0efeeb5d7 av_one_fifth  avia-builder-el-14  el_after_av_four_fifth  el_before_av_four_fifth  flex_column_div av-zero-column-padding  column-top-margin'     ><style type=\"text\/css\" data-created_by=\"avia_inline_auto\" id=\"style-css-av-jm0wje3b-e1f8da4a3cac7050293e8ee7288b494e\">\n.avia-image-container.av-jm0wje3b-e1f8da4a3cac7050293e8ee7288b494e img.avia_image{\nbox-shadow:none;\n}\n.avia-image-container.av-jm0wje3b-e1f8da4a3cac7050293e8ee7288b494e .av-image-caption-overlay-center{\ncolor:#ffffff;\n}\n<\/style>\n<div  class='avia-image-container av-jm0wje3b-e1f8da4a3cac7050293e8ee7288b494e av-styling- avia-align-center  avia-builder-el-15  avia-builder-el-no-sibling '   itemprop=\"image\" itemscope=\"itemscope\" itemtype=\"https:\/\/schema.org\/ImageObject\" ><div class=\"avia-image-container-inner\"><div class=\"avia-image-overlay-wrap\"><img decoding=\"async\" fetchpriority=\"high\" class='wp-image-275 avia-img-lazy-loading-not-275 avia_image ' src=\"https:\/\/www.plattsalat.de\/bioladen-west\/wp-content\/uploads\/sites\/3\/2018\/09\/Bio-Siegel-Bioland.jpg\" alt='' title='Bio-Siegel-Bioland'  height=\"100\" width=\"100\"  itemprop=\"thumbnailUrl\" srcset=\"https:\/\/www.plattsalat.de\/bioladen-west\/wp-content\/uploads\/sites\/3\/2018\/09\/Bio-Siegel-Bioland.jpg 100w, https:\/\/www.plattsalat.de\/bioladen-west\/wp-content\/uploads\/sites\/3\/2018\/09\/Bio-Siegel-Bioland-80x80.jpg 80w, https:\/\/www.plattsalat.de\/bioladen-west\/wp-content\/uploads\/sites\/3\/2018\/09\/Bio-Siegel-Bioland-36x36.jpg 36w\" sizes=\"(max-width: 100px) 100vw, 100px\" \/><\/div><\/div><\/div><\/div>\n\n<style type=\"text\/css\" data-created_by=\"avia_inline_auto\" id=\"style-css-av-2cut7-8-bacbe306df5d6bb7f4ff53a1f1715023\">\n.flex_column.av-2cut7-8-bacbe306df5d6bb7f4ff53a1f1715023{\nborder-radius:0px 0px 0px 0px;\npadding:0px 0px 0px 0px;\n}\n<\/style>\n<div  class='flex_column av-2cut7-8-bacbe306df5d6bb7f4ff53a1f1715023 av_four_fifth  avia-builder-el-16  el_after_av_one_fifth  el_before_av_one_fifth  first flex_column_div av-zero-column-padding  column-top-margin'     ><section  class='av_textblock_section av-jm0vvhb9-7-3b8f89856606f716a5850509a4735fd8 '   itemscope=\"itemscope\" itemtype=\"https:\/\/schema.org\/CreativeWork\" ><div class='avia_textblock'  itemprop=\"text\" ><h3>Naturland<\/h3>\n<p>Der Naturland Verband wurde erst in den 1980ern gegr\u00fcndet und hat ebenfalls hohe Standards.<\/p>\n<p>Naturland hat sich schon fr\u00fchzeitig auch um die Zertifizierung von Bioprodukten in \u00dcbersee gek\u00fcmmert. Au\u00dferdem ist Naturland der erste Bioverband, der Sozialstandards eingef\u00fchrt hat und auch eine Fair-Zertifizierung f\u00fcr Deutschland entwickelt hat. Generell zeichnet sich Naturland dadurch aus, dass der Verband flexibler und beweglicher ist als die beiden altehrw\u00fcrdigen Verb\u00e4nde Bioland und Demeter.<\/p>\n<p>Das Naturland-Siegel kennzeichnet neben Lebensmitteln auch Holzprodukte und Textilien.<\/p>\n<\/div><\/section><\/div>\n\n<style type=\"text\/css\" data-created_by=\"avia_inline_auto\" id=\"style-css-av-1gphb-f9e1de41adb09895dc8d9b8cda0d962e\">\n.flex_column.av-1gphb-f9e1de41adb09895dc8d9b8cda0d962e{\nborder-radius:0px 0px 0px 0px;\npadding:0px 0px 0px 0px;\n}\n<\/style>\n<div  class='flex_column av-1gphb-f9e1de41adb09895dc8d9b8cda0d962e av_one_fifth  avia-builder-el-18  el_after_av_four_fifth  el_before_av_four_fifth  flex_column_div av-zero-column-padding  column-top-margin'     ><style type=\"text\/css\" data-created_by=\"avia_inline_auto\" id=\"style-css-av-jm0w7kxz-b6de41d676ebaa77fb5a117f588d5896\">\n.avia-image-container.av-jm0w7kxz-b6de41d676ebaa77fb5a117f588d5896 img.avia_image{\nbox-shadow:none;\n}\n.avia-image-container.av-jm0w7kxz-b6de41d676ebaa77fb5a117f588d5896 .av-image-caption-overlay-center{\ncolor:#ffffff;\n}\n<\/style>\n<div  class='avia-image-container av-jm0w7kxz-b6de41d676ebaa77fb5a117f588d5896 av-styling- avia-align-center  avia-builder-el-19  avia-builder-el-no-sibling '   itemprop=\"image\" itemscope=\"itemscope\" itemtype=\"https:\/\/schema.org\/ImageObject\" ><div class=\"avia-image-container-inner\"><div class=\"avia-image-overlay-wrap\"><img decoding=\"async\" fetchpriority=\"high\" class='wp-image-269 avia-img-lazy-loading-not-269 avia_image ' src=\"https:\/\/www.plattsalat.de\/bioladen-west\/wp-content\/uploads\/sites\/3\/2018\/09\/RTEmagicC_Naturland-Tagesthema.jpg.jpg\" alt='' title='Naturland.jpg'  height=\"116\" width=\"100\"  itemprop=\"thumbnailUrl\"  \/><\/div><\/div><\/div><\/div>\n\n<style type=\"text\/css\" data-created_by=\"avia_inline_auto\" id=\"style-css-av-jqnygsx0-4-d31cde16df4e4909f14ae6ad31a390bd\">\n.flex_column.av-jqnygsx0-4-d31cde16df4e4909f14ae6ad31a390bd{\nborder-radius:0px 0px 0px 0px;\npadding:0px 0px 0px 0px;\n}\n<\/style>\n<div  class='flex_column av-jqnygsx0-4-d31cde16df4e4909f14ae6ad31a390bd av_four_fifth  avia-builder-el-20  el_after_av_one_fifth  el_before_av_one_fifth  first flex_column_div av-zero-column-padding  column-top-margin'     ><section  class='av_textblock_section av-2by8z-3-4a4b8c2c4a028e5c55ae44a4535eb66b '   itemscope=\"itemscope\" itemtype=\"https:\/\/schema.org\/CreativeWork\" ><div class='avia_textblock'  itemprop=\"text\" ><h3>Demeter<\/h3>\n<p>Der \u00e4lteste Anbauverband in Deutschland: Seit 1928 arbeitet die Demeter-Gemeinschaft nach den Kriterien einer biologisch-dynamischen Landwirtschaft des Anthroposophen Rudolf Steiner. Selbst hergestellte Pr\u00e4parate aus Mist, Heilpflanzen und Mineralien sollen eine langfristige Bodenfruchtbarkeit garantieren. Das Bio-Siegel gibt es f\u00fcr Lebensmittel, Kleidung und Kosmetik.<\/p>\n<\/div><\/section><\/div>\n\n<style type=\"text\/css\" data-created_by=\"avia_inline_auto\" id=\"style-css-av-111o3-2-dae53bcfe0f5075e4e2246b0bdb99b76\">\n.flex_column.av-111o3-2-dae53bcfe0f5075e4e2246b0bdb99b76{\nborder-radius:0px 0px 0px 0px;\npadding:0px 0px 0px 0px;\n}\n<\/style>\n<div  class='flex_column av-111o3-2-dae53bcfe0f5075e4e2246b0bdb99b76 av_one_fifth  avia-builder-el-22  el_after_av_four_fifth  avia-builder-el-last  flex_column_div av-zero-column-padding  column-top-margin'     ><style type=\"text\/css\" data-created_by=\"avia_inline_auto\" id=\"style-css-av-15lhb-1-9d2a9e69100b06d13726c195faf93bd1\">\n.avia-image-container.av-15lhb-1-9d2a9e69100b06d13726c195faf93bd1 img.avia_image{\nbox-shadow:none;\n}\n.avia-image-container.av-15lhb-1-9d2a9e69100b06d13726c195faf93bd1 .av-image-caption-overlay-center{\ncolor:#ffffff;\n}\n<\/style>\n<div  class='avia-image-container av-15lhb-1-9d2a9e69100b06d13726c195faf93bd1 av-styling- avia-align-center  avia-builder-el-23  avia-builder-el-no-sibling '   itemprop=\"image\" itemscope=\"itemscope\" itemtype=\"https:\/\/schema.org\/ImageObject\" ><div class=\"avia-image-container-inner\"><div class=\"avia-image-overlay-wrap\"><img decoding=\"async\" fetchpriority=\"high\" class='wp-image-339 avia-img-lazy-loading-not-339 avia_image ' src=\"https:\/\/www.plattsalat.de\/bioladen-west\/wp-content\/uploads\/sites\/3\/2019\/01\/Demeter_Logo.svg\" alt='' title='Demeter_Logo'  height=\"371\" width=\"744\"  itemprop=\"thumbnailUrl\"  \/><\/div><\/div><\/div><\/div>\n","protected":false},"excerpt":{"rendered":"","protected":false},"author":1,"featured_media":0,"parent":11,"menu_order":60,"comment_status":"closed","ping_status":"closed","template":"","meta":{"_crdt_document":"","footnotes":""},"class_list":["post-35","page","type-page","status-publish","hentry"],"_links":{"self":[{"href":"https:\/\/www.plattsalat.de\/bioladen-west\/wp-json\/wp\/v2\/pages\/35","targetHints":{"allow":["GET"]}}],"collection":[{"href":"https:\/\/www.plattsalat.de\/bioladen-west\/wp-json\/wp\/v2\/pages"}],"about":[{"href":"https:\/\/www.plattsalat.de\/bioladen-west\/wp-json\/wp\/v2\/types\/page"}],"author":[{"embeddable":true,"href":"https:\/\/www.plattsalat.de\/bioladen-west\/wp-json\/wp\/v2\/users\/1"}],"replies":[{"embeddable":true,"href":"https:\/\/www.plattsalat.de\/bioladen-west\/wp-json\/wp\/v2\/comments?post=35"}],"version-history":[{"count":15,"href":"https:\/\/www.plattsalat.de\/bioladen-west\/wp-json\/wp\/v2\/pages\/35\/revisions"}],"predecessor-version":[{"id":3455,"href":"https:\/\/www.plattsalat.de\/bioladen-west\/wp-json\/wp\/v2\/pages\/35\/revisions\/3455"}],"up":[{"embeddable":true,"href":"https:\/\/www.plattsalat.de\/bioladen-west\/wp-json\/wp\/v2\/pages\/11"}],"wp:attachment":[{"href":"https:\/\/www.plattsalat.de\/bioladen-west\/wp-json\/wp\/v2\/media?parent=35"}],"curies":[{"name":"wp","href":"https:\/\/api.w.org\/{rel}","templated":true}]}}